{"id":127,"date":"2009-11-14T19:28:01","date_gmt":"2009-11-14T17:28:01","guid":{"rendered":"http:\/\/www.area97.de\/ofi\/?page_id=127"},"modified":"2026-03-12T19:56:06","modified_gmt":"2026-03-12T18:56:06","slug":"schals","status":"publish","type":"page","link":"https:\/\/www.area97.de\/ofi\/?page_id=127","title":{"rendered":"schals"},"content":{"rendered":"<div>\n<p><strong>Jahrgang<\/strong> <a href=\"#88\"> 1988<\/a> | <a href=\"#89\"> 1989<\/a> | <a href=\"#90\"> 1990<\/a> | <a href=\"#91\"> 1991<\/a> | <a href=\"#92\"> 1992<\/a> | <a href=\"#93\"> 1993<\/a> | <a href=\"#94\"> 1994<\/a> | <a href=\"#95\"> 1995<\/a> | <a href=\"#96\"> 1996<\/a> | <a href=\"#97\"> 1997<\/a> | <a href=\"#98\"> 1998<\/a> | <a href=\"#99\"> 1999<\/a> | <a href=\"#00\"> 2000<\/a> | <a href=\"#01\"> 2001<\/a> | <a href=\"#02\"> 2002<\/a> | <a href=\"#03\"> 2003<\/a> | <a href=\"#04\"> 2004<\/a> | <a href=\"#05\"> 2005<\/a> | <a href=\"#06\"> 2006<\/a> | <a href=\"#07\"> 2007<\/a> | <a href=\"#08\"> 2008<\/a> | <a href=\"#09\"> 2009<\/a><\/p>\n<p id=\"88\" style=\"text-align: left;\"><span style=\"color: grey; font-size: 23px;\">01<\/span><span style=\"color: black; font-family: 'Lucida Grande',Arial,Helvetica,sans-serif; font-size: 24px; letter-spacing: -1.8px;\"><strong>Erster gedruckter Schal<\/strong><\/span><span style=\"color: grey; font-size: 13;\"> 1988<\/span><\/p>\n<p><img loading=\"lazy\" decoding=\"async\" class=\"size-full wp-image-256 alignnone\" src=\"https:\/\/www.area97.de\/ofi\/wp-content\/uploads\/2009\/11\/druck1.gif\" alt=\"\" width=\"481\" height=\"83\"><br \/>\nOberliga Nord, Saison 88\/89<\/p>\n<p><img decoding=\"async\" src=\"https:\/\/www.area97.de\/ofi\/wp-content\/themes\/arras-theme\/images\/dottedline01.gif\" alt=\"\"><a title=\"Zum Seitenanfang\" href=\"#content\"> oben <\/a><a href=\"#content\"><img decoding=\"async\" title=\"Zum Seitenanfang\" src=\"https:\/\/www.area97.de\/ofi\/wp-content\/themes\/arras-theme\/images\/topbullet01.gif\" alt=\"\"><\/a><\/p>\n<p id=\"89\" style=\"text-align: left;\"><span style=\"color: grey; font-size: 23px;\">02<\/span><span style=\"color: black; font-family: 'Lucida Grande',Arial,Helvetica,sans-serif; font-size: 24px; letter-spacing: -1.8px;\"><strong>Zweiter gedruckter Schal<\/strong><\/span><span style=\"color: grey; font-size: 13;\"> 1989<\/span><\/p>\n<p><img loading=\"lazy\" decoding=\"async\" class=\"size-full wp-image-256 alignnone\" title=\"ofi_balkenschal2\" src=\"https:\/\/www.area97.de\/ofi\/wp-content\/uploads\/2009\/11\/druck2.gif\" alt=\"\" width=\"481\" height=\"83\"><br \/>\nOberliga Nord, Saison 89\/90<\/p>\n<p><img decoding=\"async\" src=\"https:\/\/www.area97.de\/ofi\/wp-content\/themes\/arras-theme\/images\/dottedline01.gif\" alt=\"\"><a title=\"Zum Seitenanfang\" href=\"#content\"> oben <\/a><a href=\"#content\"><img decoding=\"async\" title=\"Zum Seitenanfang\" src=\"https:\/\/www.area97.de\/ofi\/wp-content\/themes\/arras-theme\/images\/topbullet01.gif\" alt=\"\"><\/a><\/p>\n<p style=\"text-align: left;\"><span style=\"color: grey; font-size: 23px;\">03<\/span><span style=\"color: black; font-family: 'Lucida Grande',Arial,Helvetica,sans-serif; font-size: 24px; letter-spacing: -1.8px;\"><strong>Dritter gedruckter Schal<\/strong><\/span><span style=\"color: grey; font-size: 13;\"> 1989<\/span><\/p>\n<p><img loading=\"lazy\" decoding=\"async\" class=\"size-full wp-image-256 alignnone\" title=\"ofi_balkenschal2\" src=\"https:\/\/www.area97.de\/ofi\/wp-content\/uploads\/2009\/11\/druck3.gif\" alt=\"\" width=\"481\" height=\"83\"><br \/>\nOberliga Nord, Saison 89\/90<\/p>\n<p><img decoding=\"async\" id=\"90\" src=\"https:\/\/www.area97.de\/ofi\/wp-content\/themes\/arras-theme\/images\/dottedline01.gif\" alt=\"\"><a title=\"Zum Seitenanfang\" href=\"#content\"> oben <\/a><a href=\"#content\"><img decoding=\"async\" title=\"Zum Seitenanfang\" src=\"https:\/\/www.area97.de\/ofi\/wp-content\/themes\/arras-theme\/images\/topbullet01.gif\" alt=\"\"><\/a><\/p>\n<p style=\"text-align: left;\"><span style=\"color: grey; font-size: 23px;\">04<\/span><span style=\"color: black; font-family: 'Lucida Grande',Arial,Helvetica,sans-serif; font-size: 24px; letter-spacing: -1.8px;\"><strong>Erster Jaquardschal<\/strong><\/span><span style=\"color: grey; font-size: 13;\"> 1990<\/span><\/p>\n<p><img loading=\"lazy\" decoding=\"async\" class=\"size-full wp-image-256 alignnone\" src=\"https:\/\/www.area97.de\/ofi\/wp-content\/uploads\/2009\/11\/jaquard1.gif\" alt=\"\" width=\"481\" height=\"83\"><br \/>\nSaisonende 89\/90, Aufstiegsrunde &amp; Aufstieg in zweite Liga<\/p>\n<p><img decoding=\"async\" src=\"https:\/\/www.area97.de\/ofi\/wp-content\/themes\/arras-theme\/images\/dottedline01.gif\" alt=\"\"><a title=\"Zum Seitenanfang\" href=\"#content\"> oben <\/a><a href=\"#content\"><img decoding=\"async\" title=\"Zum Seitenanfang\" src=\"https:\/\/www.area97.de\/ofi\/wp-content\/themes\/arras-theme\/images\/topbullet01.gif\" alt=\"\"><\/a><\/p>\n<p id=\"93\" style=\"text-align: left;\"><span style=\"color: grey; font-size: 23px;\">05<\/span><span style=\"color: black; font-family: 'Lucida Grande',Arial,Helvetica,sans-serif; font-size: 24px; letter-spacing: -1.8px;\"><strong>Vizemeister<\/strong><\/span><span style=\"color: grey; font-size: 13;\"> 1993<\/span><\/p>\n<p><img loading=\"lazy\" decoding=\"async\" class=\"size-full wp-image-1118 alignnone\" title=\"Vizemeister\" src=\"https:\/\/www.area97.de\/ofi\/wp-content\/uploads\/2009\/11\/Vizemeister.gif\" alt=\"Vizemeister\" width=\"402\" height=\"55\" srcset=\"https:\/\/www.area97.de\/ofi\/wp-content\/uploads\/2009\/11\/Vizemeister.gif 402w, https:\/\/www.area97.de\/ofi\/wp-content\/uploads\/2009\/11\/Vizemeister-300x41.gif 300w\" sizes=\"auto, (max-width: 402px) 100vw, 402px\" \/><br \/>\nFanentwurf, 2 Versionen (besseres Bild folgt)<\/p>\n<p><img decoding=\"async\" src=\"https:\/\/www.area97.de\/ofi\/wp-content\/themes\/arras-theme\/images\/dottedline01.gif\" alt=\"\"><a title=\"Zum Seitenanfang\" href=\"#content\"> oben <\/a><a href=\"#content\"><img decoding=\"async\" title=\"Zum Seitenanfang\" src=\"https:\/\/www.area97.de\/ofi\/wp-content\/themes\/arras-theme\/images\/topbullet01.gif\" alt=\"\"><\/a><\/p>\n<p id=\"94\" style=\"text-align: left;\"><span style=\"color: grey; font-size: 23px;\">06<\/span><span style=\"color: black; font-family: 'Lucida Grande',Arial,Helvetica,sans-serif; font-size: 24px; letter-spacing: -1.8px;\"><strong>Oldenburger Junx<\/strong><\/span><span style=\"color: grey; font-size: 13;\"> 1994<\/span><\/p>\n<p><img loading=\"lazy\" decoding=\"async\" class=\"alignnone size-full wp-image-1120\" title=\"OLjunx\" src=\"https:\/\/www.area97.de\/ofi\/wp-content\/uploads\/2009\/11\/OLjunx.gif\" alt=\"OLjunx\" width=\"594\" height=\"62\" srcset=\"https:\/\/www.area97.de\/ofi\/wp-content\/uploads\/2009\/11\/OLjunx.gif 594w, https:\/\/www.area97.de\/ofi\/wp-content\/uploads\/2009\/11\/OLjunx-300x31.gif 300w\" sizes=\"auto, (max-width: 594px) 100vw, 594px\" \/><br \/>\nErster &#8218;Fanclub&#8217;schal<\/p>\n<p><img decoding=\"async\" src=\"https:\/\/www.area97.de\/ofi\/wp-content\/themes\/arras-theme\/images\/dottedline01.gif\" alt=\"\"><a title=\"Zum Seitenanfang\" href=\"#content\"> oben <\/a><a href=\"#content\"><img decoding=\"async\" title=\"Zum Seitenanfang\" src=\"https:\/\/www.area97.de\/ofi\/wp-content\/themes\/arras-theme\/images\/topbullet01.gif\" alt=\"\"><\/a><\/p>\n<p style=\"text-align: left;\"><span style=\"color: grey; font-size: 23px;\">07<\/span><span style=\"color: black; font-family: 'Lucida Grande',Arial,Helvetica,sans-serif; font-size: 24px; letter-spacing: -1.8px;\"><strong>L\u00fcbeck&amp;Oldenburg<\/strong><\/span><span style=\"color: grey; font-size: 13;\"> 1994<\/span><\/p>\n<p><img loading=\"lazy\" decoding=\"async\" class=\"alignnone size-full wp-image-1121\" title=\"LuebeckOL\" src=\"https:\/\/www.area97.de\/ofi\/wp-content\/uploads\/2009\/11\/LuebeckOL.gif\" alt=\"LuebeckOL\" width=\"582\" height=\"76\" srcset=\"https:\/\/www.area97.de\/ofi\/wp-content\/uploads\/2009\/11\/LuebeckOL.gif 582w, https:\/\/www.area97.de\/ofi\/wp-content\/uploads\/2009\/11\/LuebeckOL-299x39.gif 299w\" sizes=\"auto, (max-width: 582px) 100vw, 582px\" \/><br \/>\nErster Freundschaftschal, von L\u00fcbecker Seite f\u00fcr unsere Aufstiegshilfe<\/p>\n<p><img decoding=\"async\" src=\"https:\/\/www.area97.de\/ofi\/wp-content\/themes\/arras-theme\/images\/dottedline01.gif\" alt=\"\"><a title=\"Zum Seitenanfang\" href=\"#content\"> oben <\/a><a href=\"#content\"><img decoding=\"async\" title=\"Zum Seitenanfang\" src=\"https:\/\/www.area97.de\/ofi\/wp-content\/themes\/arras-theme\/images\/topbullet01.gif\" alt=\"\"><\/a><\/p>\n<p id=\"96\" style=\"text-align: left;\"><span style=\"color: grey; font-size: 23px;\">08<\/span><span style=\"color: black; font-family: 'Lucida Grande',Arial,Helvetica,sans-serif; font-size: 24px; letter-spacing: -1.8px;\"><strong>Meisterschal<\/strong><\/span><span style=\"color: grey; font-size: 13;\"> 1996<\/span><\/p>\n<p><img loading=\"lazy\" decoding=\"async\" class=\"alignnone size-full wp-image-1122\" title=\"Meister9596\" src=\"https:\/\/www.area97.de\/ofi\/wp-content\/uploads\/2009\/11\/Meister9596.gif\" alt=\"Meister9596\" width=\"570\" height=\"72\" srcset=\"https:\/\/www.area97.de\/ofi\/wp-content\/uploads\/2009\/11\/Meister9596.gif 570w, https:\/\/www.area97.de\/ofi\/wp-content\/uploads\/2009\/11\/Meister9596-300x37.gif 300w\" sizes=\"auto, (max-width: 570px) 100vw, 570px\" \/><br \/>\nMeister Oberliga Nord 95\/96, Aufstieg zur zweiten Liga, Fanentwurf<\/p>\n<p><img decoding=\"async\" src=\"https:\/\/www.area97.de\/ofi\/wp-content\/themes\/arras-theme\/images\/dottedline01.gif\" alt=\"\"><a title=\"Zum Seitenanfang\" href=\"#content\"> oben <\/a><a href=\"#content\"><img decoding=\"async\" title=\"Zum Seitenanfang\" src=\"https:\/\/www.area97.de\/ofi\/wp-content\/themes\/arras-theme\/images\/topbullet01.gif\" alt=\"\"><\/a><\/p>\n<p style=\"text-align: left;\"><span style=\"color: grey; font-size: 23px;\">09<\/span><span style=\"color: black; font-family: 'Lucida Grande',Arial,Helvetica,sans-serif; font-size: 24px; letter-spacing: -1.8px;\"><strong>Hier kommt OL<\/strong><\/span><span style=\"color: grey; font-size: 13;\"> 1996<\/span><\/p>\n<p><img loading=\"lazy\" decoding=\"async\" class=\"alignnone size-full wp-image-1123\" title=\"HierKommt\" src=\"https:\/\/www.area97.de\/ofi\/wp-content\/uploads\/2009\/11\/HierKommt.gif\" alt=\"HierKommt\" width=\"545\" height=\"74\" srcset=\"https:\/\/www.area97.de\/ofi\/wp-content\/uploads\/2009\/11\/HierKommt.gif 545w, https:\/\/www.area97.de\/ofi\/wp-content\/uploads\/2009\/11\/HierKommt-300x40.gif 300w\" sizes=\"auto, (max-width: 545px) 100vw, 545px\" \/><br \/>\nAuftakt zur zweiten Liga, mit oldenburgischer Skyline, Fanentwurf<\/p>\n<p><img decoding=\"async\" src=\"https:\/\/www.area97.de\/ofi\/wp-content\/themes\/arras-theme\/images\/dottedline01.gif\" alt=\"\"><a title=\"Zum Seitenanfang\" href=\"#content\"> oben <\/a><a href=\"#content\"><img decoding=\"async\" title=\"Zum Seitenanfang\" src=\"https:\/\/www.area97.de\/ofi\/wp-content\/themes\/arras-theme\/images\/topbullet01.gif\" alt=\"\"><\/a><\/p>\n<p style=\"text-align: left;\"><span style=\"color: grey; font-size: 23px;\">10<\/span><span style=\"color: black; font-family: 'Lucida Grande',Arial,Helvetica,sans-serif; font-size: 24px; letter-spacing: -1.8px;\"><strong>Zweite Liga 1<\/strong><\/span><span style=\"color: grey; font-size: 13;\"> 1996<\/span><\/p>\n<p><img loading=\"lazy\" decoding=\"async\" class=\"alignnone size-full wp-image-1124\" title=\"2Liga1\" src=\"https:\/\/www.area97.de\/ofi\/wp-content\/uploads\/2009\/11\/2Liga1.gif\" alt=\"2Liga1\" width=\"591\" height=\"73\" srcset=\"https:\/\/www.area97.de\/ofi\/wp-content\/uploads\/2009\/11\/2Liga1.gif 591w, https:\/\/www.area97.de\/ofi\/wp-content\/uploads\/2009\/11\/2Liga1-300x37.gif 300w\" sizes=\"auto, (max-width: 591px) 100vw, 591px\" \/><br \/>\nAus dem ersten externen &amp; kommerziellen Dreierpack zur zweiten Liga<\/p>\n<p><img decoding=\"async\" src=\"https:\/\/www.area97.de\/ofi\/wp-content\/themes\/arras-theme\/images\/dottedline01.gif\" alt=\"\"><a title=\"Zum Seitenanfang\" href=\"#content\"> oben <\/a><a href=\"#content\"><img decoding=\"async\" title=\"Zum Seitenanfang\" src=\"https:\/\/www.area97.de\/ofi\/wp-content\/themes\/arras-theme\/images\/topbullet01.gif\" alt=\"\"><\/a><\/p>\n<p style=\"text-align: left;\"><span style=\"color: grey; font-size: 23px;\">11<\/span><span style=\"color: black; font-family: 'Lucida Grande',Arial,Helvetica,sans-serif; font-size: 24px; letter-spacing: -1.8px;\"><strong>Zweite Liga 2<\/strong><\/span><span style=\"color: grey; font-size: 13;\"> 1996<\/span><\/p>\n<p><img loading=\"lazy\" decoding=\"async\" class=\"alignnone size-full wp-image-1125\" title=\"2Liga2\" src=\"https:\/\/www.area97.de\/ofi\/wp-content\/uploads\/2009\/11\/2Liga2.gif\" alt=\"2Liga2\" width=\"599\" height=\"74\" srcset=\"https:\/\/www.area97.de\/ofi\/wp-content\/uploads\/2009\/11\/2Liga2.gif 599w, https:\/\/www.area97.de\/ofi\/wp-content\/uploads\/2009\/11\/2Liga2-300x37.gif 300w\" sizes=\"auto, (max-width: 599px) 100vw, 599px\" \/><br \/>\nAus dem ersten externen &amp; kommerziellen Dreierpack zur zweiten Liga<\/p>\n<p><img decoding=\"async\" src=\"https:\/\/www.area97.de\/ofi\/wp-content\/themes\/arras-theme\/images\/dottedline01.gif\" alt=\"\"><a title=\"Zum Seitenanfang\" href=\"#content\"> oben <\/a><a href=\"#content\"><img decoding=\"async\" title=\"Zum Seitenanfang\" src=\"https:\/\/www.area97.de\/ofi\/wp-content\/themes\/arras-theme\/images\/topbullet01.gif\" alt=\"\"><\/a><\/p>\n<p style=\"text-align: left;\"><span style=\"color: grey; font-size: 23px;\">12<\/span><span style=\"color: black; font-family: 'Lucida Grande',Arial,Helvetica,sans-serif; font-size: 24px; letter-spacing: -1.8px;\"><strong>Stolz<\/strong><\/span><span style=\"color: grey; font-size: 13;\"> 1996<\/span><\/p>\n<p><img loading=\"lazy\" decoding=\"async\" class=\"alignnone size-full wp-image-1126\" title=\"Stolz\" src=\"https:\/\/www.area97.de\/ofi\/wp-content\/uploads\/2009\/11\/Stolz.gif\" alt=\"Stolz\" width=\"603\" height=\"71\" srcset=\"https:\/\/www.area97.de\/ofi\/wp-content\/uploads\/2009\/11\/Stolz.gif 603w, https:\/\/www.area97.de\/ofi\/wp-content\/uploads\/2009\/11\/Stolz-300x35.gif 300w\" sizes=\"auto, (max-width: 603px) 100vw, 603px\" \/><br \/>\nAus dem ersten externen &amp; kommerziellen Dreierpack zur zweiten Liga<\/p>\n<p><img decoding=\"async\" src=\"https:\/\/www.area97.de\/ofi\/wp-content\/themes\/arras-theme\/images\/dottedline01.gif\" alt=\"\"><a title=\"Zum Seitenanfang\" href=\"#content\"> oben <\/a><a href=\"#content\"><img decoding=\"async\" title=\"Zum Seitenanfang\" src=\"https:\/\/www.area97.de\/ofi\/wp-content\/themes\/arras-theme\/images\/topbullet01.gif\" alt=\"\"><\/a><\/p>\n<p style=\"text-align: left;\"><span style=\"color: grey; font-size: 23px;\">13<\/span><span style=\"color: black; font-family: 'Lucida Grande',Arial,Helvetica,sans-serif; font-size: 24px; letter-spacing: -1.8px;\"><strong>K&#8217;lautern&amp;Oldenburg 1<\/strong><\/span><span style=\"color: grey; font-size: 13;\"> 1996<\/span><\/p>\n<p><img loading=\"lazy\" decoding=\"async\" class=\"alignnone size-full wp-image-1127\" title=\"OLKL1\" src=\"https:\/\/www.area97.de\/ofi\/wp-content\/uploads\/2009\/11\/OLKL1.gif\" alt=\"OLKL1\" width=\"552\" height=\"79\" srcset=\"https:\/\/www.area97.de\/ofi\/wp-content\/uploads\/2009\/11\/OLKL1.gif 552w, https:\/\/www.area97.de\/ofi\/wp-content\/uploads\/2009\/11\/OLKL1-300x42.gif 300w\" sizes=\"auto, (max-width: 552px) 100vw, 552px\" \/><br \/>\nVon Lauterer Seite nach unserem fulminanten Support<\/p>\n<p><img decoding=\"async\" src=\"https:\/\/www.area97.de\/ofi\/wp-content\/themes\/arras-theme\/images\/dottedline01.gif\" alt=\"\"><a title=\"Zum Seitenanfang\" href=\"#content\"> oben <\/a><a href=\"#content\"><img decoding=\"async\" title=\"Zum Seitenanfang\" src=\"https:\/\/www.area97.de\/ofi\/wp-content\/themes\/arras-theme\/images\/topbullet01.gif\" alt=\"\"><\/a><\/p>\n<p style=\"text-align: left;\"><span style=\"color: grey; font-size: 23px;\">14<\/span><span style=\"color: black; font-family: 'Lucida Grande',Arial,Helvetica,sans-serif; font-size: 24px; letter-spacing: -1.8px;\"><strong>K&#8217;lautern&amp;Oldenburg 2<\/strong><\/span><span style=\"color: grey; font-size: 13;\"> 1996<\/span><\/p>\n<p><img loading=\"lazy\" decoding=\"async\" class=\"alignnone size-full wp-image-1128\" title=\"OLKL2\" src=\"https:\/\/www.area97.de\/ofi\/wp-content\/uploads\/2009\/11\/OLKL2.gif\" alt=\"OLKL2\" width=\"618\" height=\"67\" srcset=\"https:\/\/www.area97.de\/ofi\/wp-content\/uploads\/2009\/11\/OLKL2.gif 618w, https:\/\/www.area97.de\/ofi\/wp-content\/uploads\/2009\/11\/OLKL2-300x32.gif 300w\" sizes=\"auto, (max-width: 618px) 100vw, 618px\" \/><br \/>\nKommerzielles Pendant (s.o.), die (damals) einzigen Bulldogs!<\/p>\n<p><img decoding=\"async\" src=\"https:\/\/www.area97.de\/ofi\/wp-content\/themes\/arras-theme\/images\/dottedline01.gif\" alt=\"\"><a title=\"Zum Seitenanfang\" href=\"#content\"> oben <\/a><a href=\"#content\"><img decoding=\"async\" title=\"Zum Seitenanfang\" src=\"https:\/\/www.area97.de\/ofi\/wp-content\/themes\/arras-theme\/images\/topbullet01.gif\" alt=\"\"><\/a><\/p>\n<p style=\"text-align: left;\"><span style=\"color: grey; font-size: 23px;\">15<\/span><span style=\"color: black; font-family: 'Lucida Grande',Arial,Helvetica,sans-serif; font-size: 24px; letter-spacing: -1.8px;\"><strong>Seidenschal<\/strong><\/span><span style=\"color: grey; font-size: 13;\"> 1996<\/span><\/p>\n<p><img loading=\"lazy\" decoding=\"async\" class=\"alignnone size-full wp-image-1129\" title=\"Seidenschal\" src=\"https:\/\/www.area97.de\/ofi\/wp-content\/uploads\/2009\/11\/Seidenschal.gif\" alt=\"Seidenschal\" width=\"462\" height=\"64\" srcset=\"https:\/\/www.area97.de\/ofi\/wp-content\/uploads\/2009\/11\/Seidenschal.gif 462w, https:\/\/www.area97.de\/ofi\/wp-content\/uploads\/2009\/11\/Seidenschal-300x41.gif 300w\" sizes=\"auto, (max-width: 462px) 100vw, 462px\" \/><br \/>\nIn H\u00e4sslichk&#8230;\u00e4h Eleganz den Edition- oder Nummer1-Schals \u00e4hnlich<\/p>\n<p><img decoding=\"async\" src=\"https:\/\/www.area97.de\/ofi\/wp-content\/themes\/arras-theme\/images\/dottedline01.gif\" alt=\"\"><a title=\"Zum Seitenanfang\" href=\"#content\"> oben <\/a><a href=\"#content\"><img decoding=\"async\" title=\"Zum Seitenanfang\" src=\"https:\/\/www.area97.de\/ofi\/wp-content\/themes\/arras-theme\/images\/topbullet01.gif\" alt=\"\"><\/a><\/p>\n<p id=\"97\" style=\"text-align: left;\"><span style=\"color: grey; font-size: 23px;\">16<\/span><span style=\"color: black; font-family: 'Lucida Grande',Arial,Helvetica,sans-serif; font-size: 24px; letter-spacing: -1.8px;\"><strong>Unterwegs<\/strong><\/span><span style=\"color: grey; font-size: 13;\"> 1997<\/span><\/p>\n<p><img loading=\"lazy\" decoding=\"async\" class=\"alignnone size-full wp-image-1130\" title=\"Unterwegs_b\" src=\"https:\/\/www.area97.de\/ofi\/wp-content\/uploads\/2009\/11\/Unterwegs_b.gif\" alt=\"Unterwegs_b\" width=\"560\" height=\"72\" srcset=\"https:\/\/www.area97.de\/ofi\/wp-content\/uploads\/2009\/11\/Unterwegs_b.gif 560w, https:\/\/www.area97.de\/ofi\/wp-content\/uploads\/2009\/11\/Unterwegs_b-300x38.gif 300w\" sizes=\"auto, (max-width: 560px) 100vw, 560px\" \/><br \/>\nLange Zeit der begehrteste Schal (&#8218;andere&#8216; R\u00fcckseite folgt)<\/p>\n<p><img decoding=\"async\" src=\"https:\/\/www.area97.de\/ofi\/wp-content\/themes\/arras-theme\/images\/dottedline01.gif\" alt=\"\"><a title=\"Zum Seitenanfang\" href=\"#content\"> oben <\/a><a href=\"#content\"><img decoding=\"async\" title=\"Zum Seitenanfang\" src=\"https:\/\/www.area97.de\/ofi\/wp-content\/themes\/arras-theme\/images\/topbullet01.gif\" alt=\"\"><\/a><\/p>\n<p style=\"text-align: left;\"><span style=\"color: grey; font-size: 23px;\">17<\/span><span style=\"color: black; font-family: 'Lucida Grande',Arial,Helvetica,sans-serif; font-size: 24px; letter-spacing: -1.8px;\"><strong>100 Jahre 1<\/strong><\/span><span style=\"color: grey; font-size: 13;\"> 1997<\/span><\/p>\n<p><img loading=\"lazy\" decoding=\"async\" class=\"alignnone size-full wp-image-1131\" title=\"100Jahre\" src=\"https:\/\/www.area97.de\/ofi\/wp-content\/uploads\/2009\/11\/100Jahre.gif\" alt=\"100Jahre\" width=\"575\" height=\"75\" srcset=\"https:\/\/www.area97.de\/ofi\/wp-content\/uploads\/2009\/11\/100Jahre.gif 575w, https:\/\/www.area97.de\/ofi\/wp-content\/uploads\/2009\/11\/100Jahre-300x39.gif 300w\" sizes=\"auto, (max-width: 575px) 100vw, 575px\" \/><br \/>\nZum hundertj\u00e4hrigen Jubil\u00e4um des VfB<\/p>\n<p><img decoding=\"async\" src=\"https:\/\/www.area97.de\/ofi\/wp-content\/themes\/arras-theme\/images\/dottedline01.gif\" alt=\"\"><a title=\"Zum Seitenanfang\" href=\"#content\"> oben <\/a><a href=\"#content\"><img decoding=\"async\" title=\"Zum Seitenanfang\" src=\"https:\/\/www.area97.de\/ofi\/wp-content\/themes\/arras-theme\/images\/topbullet01.gif\" alt=\"\"><\/a><\/p>\n<p style=\"text-align: left;\"><span style=\"color: grey; font-size: 23px;\">18<\/span><span style=\"color: black; font-family: 'Lucida Grande',Arial,Helvetica,sans-serif; font-size: 24px; letter-spacing: -1.8px;\"><strong>100 Jahre 2<\/strong><\/span><span style=\"color: grey; font-size: 13;\"> 1997<\/span><\/p>\n<p><img loading=\"lazy\" decoding=\"async\" class=\"alignnone size-full wp-image-1132\" title=\"100Jahre2\" src=\"https:\/\/www.area97.de\/ofi\/wp-content\/uploads\/2009\/11\/100Jahre2.gif\" alt=\"100Jahre2\" width=\"567\" height=\"62\" srcset=\"https:\/\/www.area97.de\/ofi\/wp-content\/uploads\/2009\/11\/100Jahre2.gif 567w, https:\/\/www.area97.de\/ofi\/wp-content\/uploads\/2009\/11\/100Jahre2-300x32.gif 300w\" sizes=\"auto, (max-width: 567px) 100vw, 567px\" \/><br \/>\nZum hundertj\u00e4hrigen Jubil\u00e4um des VfB<\/p>\n<p><img decoding=\"async\" src=\"https:\/\/www.area97.de\/ofi\/wp-content\/themes\/arras-theme\/images\/dottedline01.gif\" alt=\"\"><a title=\"Zum Seitenanfang\" href=\"#content\"> oben <\/a><a href=\"#content\"><img decoding=\"async\" title=\"Zum Seitenanfang\" src=\"https:\/\/www.area97.de\/ofi\/wp-content\/themes\/arras-theme\/images\/topbullet01.gif\" alt=\"\"><\/a><\/p>\n<p id=\"98\" style=\"text-align: left;\"><span style=\"color: grey; font-size: 23px;\">19<\/span><span style=\"color: black; font-family: 'Lucida Grande',Arial,Helvetica,sans-serif; font-size: 24px; letter-spacing: -1.8px;\"><strong>Edition<\/strong><\/span><span style=\"color: grey; font-size: 13;\"> 1998<\/span><\/p>\n<p><img loading=\"lazy\" decoding=\"async\" class=\"alignnone size-full wp-image-1133\" title=\"Edition\" src=\"https:\/\/www.area97.de\/ofi\/wp-content\/uploads\/2009\/11\/Edition.gif\" alt=\"Edition\" width=\"542\" height=\"77\" srcset=\"https:\/\/www.area97.de\/ofi\/wp-content\/uploads\/2009\/11\/Edition.gif 542w, https:\/\/www.area97.de\/ofi\/wp-content\/uploads\/2009\/11\/Edition-300x42.gif 300w\" sizes=\"auto, (max-width: 542px) 100vw, 542px\" \/><br \/>\nAus der Edition-Fanartikel-Serie, f\u00fcr die gro\u00dfe Mehrheit der h\u00e4sslichste Schal, Ladenh\u00fcter<\/p>\n<p><img decoding=\"async\" src=\"https:\/\/www.area97.de\/ofi\/wp-content\/themes\/arras-theme\/images\/dottedline01.gif\" alt=\"\"><a title=\"Zum Seitenanfang\" href=\"#content\"> oben <\/a><a href=\"#content\"><img decoding=\"async\" title=\"Zum Seitenanfang\" src=\"https:\/\/www.area97.de\/ofi\/wp-content\/themes\/arras-theme\/images\/topbullet01.gif\" alt=\"\"><\/a><\/p>\n<p id=\"99\" style=\"text-align: left;\"><span style=\"color: grey; font-size: 23px;\">20<\/span><span style=\"color: black; font-family: 'Lucida Grande',Arial,Helvetica,sans-serif; font-size: 24px; letter-spacing: -1.8px;\"><strong>Marschweg<\/strong><\/span><span style=\"color: grey; font-size: 13;\"> 1999<\/span><\/p>\n<p><img loading=\"lazy\" decoding=\"async\" class=\"alignnone size-full wp-image-1136\" title=\"Marschweg\" src=\"https:\/\/www.area97.de\/ofi\/wp-content\/uploads\/2009\/11\/Marschweg.gif\" alt=\"Marschweg\" width=\"554\" height=\"79\" srcset=\"https:\/\/www.area97.de\/ofi\/wp-content\/uploads\/2009\/11\/Marschweg.gif 554w, https:\/\/www.area97.de\/ofi\/wp-content\/uploads\/2009\/11\/Marschweg-300x42.gif 300w\" sizes=\"auto, (max-width: 554px) 100vw, 554px\" \/><br \/>\nSchlicht<\/p>\n<p><img decoding=\"async\" src=\"https:\/\/www.area97.de\/ofi\/wp-content\/themes\/arras-theme\/images\/dottedline01.gif\" alt=\"\"><a title=\"Zum Seitenanfang\" href=\"#content\"> oben <\/a><a href=\"#content\"><img decoding=\"async\" title=\"Zum Seitenanfang\" src=\"https:\/\/www.area97.de\/ofi\/wp-content\/themes\/arras-theme\/images\/topbullet01.gif\" alt=\"\"><\/a><\/p>\n<p id=\"00\" style=\"text-align: left;\"><span style=\"color: grey; font-size: 23px;\">21<\/span><span style=\"color: black; font-family: 'Lucida Grande',Arial,Helvetica,sans-serif; font-size: 24px; letter-spacing: -1.8px;\"><strong>Tradition<\/strong><\/span><span style=\"color: grey; font-size: 13;\"> 2000<\/span><\/p>\n<p><img loading=\"lazy\" decoding=\"async\" class=\"alignnone size-full wp-image-1137\" title=\"Tradition\" src=\"https:\/\/www.area97.de\/ofi\/wp-content\/uploads\/2009\/11\/Tradition.gif\" alt=\"Tradition\" width=\"599\" height=\"65\" srcset=\"https:\/\/www.area97.de\/ofi\/wp-content\/uploads\/2009\/11\/Tradition.gif 599w, https:\/\/www.area97.de\/ofi\/wp-content\/uploads\/2009\/11\/Tradition-300x32.gif 300w\" sizes=\"auto, (max-width: 599px) 100vw, 599px\" \/><br \/>\nFanentwurf<\/p>\n<p><img decoding=\"async\" src=\"https:\/\/www.area97.de\/ofi\/wp-content\/themes\/arras-theme\/images\/dottedline01.gif\" alt=\"\"><a title=\"Zum Seitenanfang\" href=\"#content\"> oben <\/a><a href=\"#content\"><img decoding=\"async\" title=\"Zum Seitenanfang\" src=\"https:\/\/www.area97.de\/ofi\/wp-content\/themes\/arras-theme\/images\/topbullet01.gif\" alt=\"\"><\/a><\/p>\n<p id=\"01\" style=\"text-align: left;\"><span style=\"color: grey; font-size: 23px;\">22<\/span><span style=\"color: black; font-family: 'Lucida Grande',Arial,Helvetica,sans-serif; font-size: 24px; letter-spacing: -1.8px;\"><strong>OFIschal1<\/strong><\/span><span style=\"color: grey; font-size: 13;\"> 2001<\/span><\/p>\n<p><img loading=\"lazy\" decoding=\"async\" class=\"alignnone size-full wp-image-1138\" title=\"OFI1\" src=\"https:\/\/www.area97.de\/ofi\/wp-content\/uploads\/2009\/11\/OFI1.gif\" alt=\"OFI1\" width=\"568\" height=\"187\" srcset=\"https:\/\/www.area97.de\/ofi\/wp-content\/uploads\/2009\/11\/OFI1.gif 568w, https:\/\/www.area97.de\/ofi\/wp-content\/uploads\/2009\/11\/OFI1-300x98.gif 300w\" sizes=\"auto, (max-width: 568px) 100vw, 568px\" \/><br \/>\nDer erste Schal der Oldenburger Faninitiative (OFI), (besseres Bild folgt)<\/p>\n<p><img decoding=\"async\" src=\"https:\/\/www.area97.de\/ofi\/wp-content\/themes\/arras-theme\/images\/dottedline01.gif\" alt=\"\"><a title=\"Zum Seitenanfang\" href=\"#content\"> oben <\/a><a href=\"#content\"><img decoding=\"async\" title=\"Zum Seitenanfang\" src=\"https:\/\/www.area97.de\/ofi\/wp-content\/themes\/arras-theme\/images\/topbullet01.gif\" alt=\"\"><\/a><\/p>\n<p style=\"text-align: left;\"><span style=\"color: grey; font-size: 23px;\">23<\/span><span style=\"color: black; font-family: 'Lucida Grande',Arial,Helvetica,sans-serif; font-size: 24px; letter-spacing: -1.8px;\"><strong>Nummer 1<\/strong><\/span><span style=\"color: grey; font-size: 13;\"> 2001<\/span><\/p>\n<p><img loading=\"lazy\" decoding=\"async\" class=\"alignnone size-full wp-image-1139\" title=\"Nr1\" src=\"https:\/\/www.area97.de\/ofi\/wp-content\/uploads\/2009\/11\/Nr1.gif\" alt=\"Nr1\" width=\"571\" height=\"79\" srcset=\"https:\/\/www.area97.de\/ofi\/wp-content\/uploads\/2009\/11\/Nr1.gif 571w, https:\/\/www.area97.de\/ofi\/wp-content\/uploads\/2009\/11\/Nr1-300x41.gif 300w\" sizes=\"auto, (max-width: 571px) 100vw, 571px\" \/><br \/>\nSchlicht<\/p>\n<p><img decoding=\"async\" src=\"https:\/\/www.area97.de\/ofi\/wp-content\/themes\/arras-theme\/images\/dottedline01.gif\" alt=\"\"><a title=\"Zum Seitenanfang\" href=\"#content\"> oben <\/a><a href=\"#content\"><img decoding=\"async\" title=\"Zum Seitenanfang\" src=\"https:\/\/www.area97.de\/ofi\/wp-content\/themes\/arras-theme\/images\/topbullet01.gif\" alt=\"\"><\/a><\/p>\n<p style=\"text-align: left;\"><span style=\"color: grey; font-size: 23px;\">24<\/span><span style=\"color: black; font-family: 'Lucida Grande',Arial,Helvetica,sans-serif; font-size: 24px; letter-spacing: -1.8px;\"><strong>Blue Maniacs 1<\/strong><\/span><span style=\"color: grey; font-size: 13;\"> 2001<\/span><\/p>\n<p><img loading=\"lazy\" decoding=\"async\" class=\"alignnone size-full wp-image-1140\" title=\"Maniacs\" src=\"https:\/\/www.area97.de\/ofi\/wp-content\/uploads\/2009\/11\/Maniacs.gif\" alt=\"Maniacs\" width=\"588\" height=\"68\" srcset=\"https:\/\/www.area97.de\/ofi\/wp-content\/uploads\/2009\/11\/Maniacs.gif 588w, https:\/\/www.area97.de\/ofi\/wp-content\/uploads\/2009\/11\/Maniacs-300x34.gif 300w\" sizes=\"auto, (max-width: 588px) 100vw, 588px\" \/><br \/>\nFanclubschal<\/p>\n<p><img decoding=\"async\" src=\"https:\/\/www.area97.de\/ofi\/wp-content\/themes\/arras-theme\/images\/dottedline01.gif\" alt=\"\"><a title=\"Zum Seitenanfang\" href=\"#content\"> oben <\/a><a href=\"#content\"><img decoding=\"async\" title=\"Zum Seitenanfang\" src=\"https:\/\/www.area97.de\/ofi\/wp-content\/themes\/arras-theme\/images\/topbullet01.gif\" alt=\"\"><\/a><\/p>\n<\/div>\n<p><span id=\"04\" style=\"color: grey; font-size: 23px;\">25<\/span><span style=\"color: black; font-family: 'Lucida Grande',Arial,Helvetica,sans-serif; font-size: 24px; letter-spacing: -1.8px;\"><strong>Erfolg ist nicht alles<\/strong><\/span><span style=\"color: grey; font-size: 13;\"> 2004<\/span><br \/>\n<img loading=\"lazy\" decoding=\"async\" class=\"alignnone size-full wp-image-1169\" title=\"SchalohneBild\" src=\"https:\/\/www.area97.de\/ofi\/wp-content\/uploads\/2009\/11\/SchalohneBild.gif\" alt=\"SchalohneBild\" width=\"543\" height=\"81\" srcset=\"https:\/\/www.area97.de\/ofi\/wp-content\/uploads\/2009\/11\/SchalohneBild.gif 543w, https:\/\/www.area97.de\/ofi\/wp-content\/uploads\/2009\/11\/SchalohneBild-300x44.gif 300w\" sizes=\"auto, (max-width: 543px) 100vw, 543px\" \/><br \/>\nFanclubschal von &#8218;TwentyFourSeven&#8216;.<\/p>\n<p><img decoding=\"async\" src=\"https:\/\/www.area97.de\/ofi\/wp-content\/themes\/arras-theme\/images\/dottedline01.gif\" alt=\"\"><a title=\"Zum Seitenanfang\" href=\"#content\"> oben <\/a><a href=\"#content\"><img decoding=\"async\" title=\"Zum Seitenanfang\" src=\"https:\/\/www.area97.de\/ofi\/wp-content\/themes\/arras-theme\/images\/topbullet01.gif\" alt=\"\"><\/a><\/p>\n<p><span id=\"06\" style=\"color: grey; font-size: 23px;\">26<\/span><span style=\"color: black; font-family: 'Lucida Grande',Arial,Helvetica,sans-serif; font-size: 24px; letter-spacing: -1.8px;\"><strong>Freundschaftsschal G\u00f6ttingen-VfB<\/strong><\/span><span style=\"color: grey; font-size: 13px;\"> 2006<\/span><br \/>\n<img loading=\"lazy\" decoding=\"async\" src=\"https:\/\/www.area97.de\/ofi\/wp-content\/uploads\/2009\/11\/goevfb.gif\" alt=\"\" width=\"600\" height=\"157\"><br \/>\nDer Schal zur wohl tiefsten &amp; l\u00e4ngsten Freundschaft, produziert von den G\u00f6ttingern.<\/p>\n<p><img decoding=\"async\" src=\"https:\/\/www.area97.de\/ofi\/wp-content\/themes\/arras-theme\/images\/dottedline01.gif\" alt=\"\"><a title=\"Zum Seitenanfang\" href=\"#content\"> oben <\/a><a href=\"#content\"><img decoding=\"async\" title=\"Zum Seitenanfang\" src=\"https:\/\/www.area97.de\/ofi\/wp-content\/themes\/arras-theme\/images\/topbullet01.gif\" alt=\"\"><\/a><\/p>\n<p><span style=\"color: grey; font-size: 23px;\">27<\/span><span style=\"color: black; font-family: 'Lucida Grande',Arial,Helvetica,sans-serif; font-size: 24px; letter-spacing: -1.8px;\"><strong>3names1club<\/strong><\/span><span style=\"color: grey; font-size: 13px;\"> 2006<\/span><br \/>\n<img loading=\"lazy\" decoding=\"async\" src=\"https:\/\/www.area97.de\/ofi\/wp-content\/uploads\/2009\/11\/3names1club.gif\" alt=\"\" width=\"599\" height=\"178\"><br \/>\nSchal mit den beiden Urvereinen &amp; Gr\u00fcndungsdaten. Im Hintergrund das alte Donnerschwee-Stadion.<\/p>\n<p><img decoding=\"async\" src=\"https:\/\/www.area97.de\/ofi\/wp-content\/themes\/arras-theme\/images\/dottedline01.gif\" alt=\"\"><a title=\"Zum Seitenanfang\" href=\"#content\"> oben <\/a><a href=\"#content\"><img decoding=\"async\" title=\"Zum Seitenanfang\" src=\"https:\/\/www.area97.de\/ofi\/wp-content\/themes\/arras-theme\/images\/topbullet01.gif\" alt=\"\"><\/a><\/p>\n<p><span style=\"color: grey; font-size: 23px;\">28<\/span><span style=\"color: black; font-family: 'Lucida Grande',Arial,Helvetica,sans-serif; font-size: 24px; letter-spacing: -1.8px;\"><strong>Unbreakables<\/strong><\/span><span style=\"color: grey; font-size: 13px;\"> 2006<\/span><br \/>\n<img loading=\"lazy\" decoding=\"async\" src=\"https:\/\/www.area97.de\/ofi\/wp-content\/uploads\/2009\/11\/unbreakables.gif\" alt=\"\" width=\"600\" height=\"185\"><br \/>\nSchal zum Saison-Motto &#8218;Unbreakables in der Saison 2005\/06.<\/p>\n<p><img decoding=\"async\" src=\"https:\/\/www.area97.de\/ofi\/wp-content\/themes\/arras-theme\/images\/dottedline01.gif\" alt=\"\"><a title=\"Zum Seitenanfang\" href=\"#content\"> oben <\/a><a href=\"#content\"><img decoding=\"async\" title=\"Zum Seitenanfang\" src=\"https:\/\/www.area97.de\/ofi\/wp-content\/themes\/arras-theme\/images\/topbullet01.gif\" alt=\"\"><\/a><\/p>\n<p><span style=\"color: grey; font-size: 23px;\">29<\/span><span style=\"color: black; font-family: 'Lucida Grande',Arial,Helvetica,sans-serif; font-size: 24px; letter-spacing: -1.8px;\"><strong>OFI-Balkenschal1<\/strong><\/span><span style=\"color: grey; font-size: 13;\"> 2006<br \/>\n<\/span><img loading=\"lazy\" decoding=\"async\" class=\"size-full wp-image-256 alignnone\" src=\"https:\/\/www.area97.de\/ofi\/wp-content\/uploads\/2009\/11\/ofi_balkenschal1.gif\" alt=\"\" width=\"598\" height=\"79\"><br \/>\nIn kleiner Auflage anfangs fanintern produziert. Danach mit riesigem Erfolg als Vereinsartikel verkauft.<\/p>\n<p><img decoding=\"async\" src=\"https:\/\/www.area97.de\/ofi\/wp-content\/themes\/arras-theme\/images\/dottedline01.gif\" alt=\"\"><a title=\"Zum Seitenanfang\" href=\"#content\"> oben <\/a><a href=\"#content\"><img decoding=\"async\" title=\"Zum Seitenanfang\" src=\"https:\/\/www.area97.de\/ofi\/wp-content\/themes\/arras-theme\/images\/topbullet01.gif\" alt=\"\"><\/a><\/p>\n<p><span id=\"09\" style=\"color: grey; font-size: 23px;\">30<\/span><span style=\"color: black; font-family: 'Lucida Grande',Arial,Helvetica,sans-serif; font-size: 24px; letter-spacing: -1.8px;\"><strong>Blue Maniacs 2<\/strong><\/span><span style=\"color: grey; font-size: 13;\"> 2006<\/span><br \/>\n<img loading=\"lazy\" decoding=\"async\" class=\"size-full wp-image-1721 alignnone\" title=\"Maniacs2\" src=\"https:\/\/www.area97.de\/ofi\/wp-content\/uploads\/2009\/11\/Maniacs2.gif\" alt=\"Maniacs2\" width=\"599\" height=\"90\" srcset=\"https:\/\/www.area97.de\/ofi\/wp-content\/uploads\/2009\/11\/Maniacs2.gif 599w, https:\/\/www.area97.de\/ofi\/wp-content\/uploads\/2009\/11\/Maniacs2-300x45.gif 300w\" sizes=\"auto, (max-width: 599px) 100vw, 599px\" \/><br \/>\nFanclubschal 2.Variante.<\/p>\n<p><img decoding=\"async\" src=\"https:\/\/www.area97.de\/ofi\/wp-content\/themes\/arras-theme\/images\/dottedline01.gif\" alt=\"\"><a title=\"Zum Seitenanfang\" href=\"#content\"> oben <\/a><a href=\"#content\"><img decoding=\"async\" title=\"Zum Seitenanfang\" src=\"https:\/\/www.area97.de\/ofi\/wp-content\/themes\/arras-theme\/images\/topbullet01.gif\" alt=\"\"><\/a><\/p>\n<p><span id=\"07\" style=\"color: grey; font-size: 23px;\">31<\/span><span style=\"color: black; font-family: 'Lucida Grande',Arial,Helvetica,sans-serif; font-size: 24px; letter-spacing: -1.8px;\"><strong>Seidenschal CD<\/strong><\/span><span style=\"color: grey; font-size: 13;\"> 2007<\/span><br \/>\n<img loading=\"lazy\" decoding=\"async\" class=\"alignnone size-full wp-image-1175\" title=\"CD\" src=\"https:\/\/www.area97.de\/ofi\/wp-content\/uploads\/2009\/11\/CD.gif\" alt=\"CD\" width=\"530\" height=\"132\" srcset=\"https:\/\/www.area97.de\/ofi\/wp-content\/uploads\/2009\/11\/CD.gif 530w, https:\/\/www.area97.de\/ofi\/wp-content\/uploads\/2009\/11\/CD-300x74.gif 300w\" sizes=\"auto, (max-width: 530px) 100vw, 530px\" \/><br \/>\nSchal vom Commando Donnerschwee.<\/p>\n<p><img decoding=\"async\" src=\"https:\/\/www.area97.de\/ofi\/wp-content\/themes\/arras-theme\/images\/dottedline01.gif\" alt=\"\"><a title=\"Zum Seitenanfang\" href=\"#content\"> oben <\/a><a href=\"#content\"><img decoding=\"async\" title=\"Zum Seitenanfang\" src=\"https:\/\/www.area97.de\/ofi\/wp-content\/themes\/arras-theme\/images\/topbullet01.gif\" alt=\"\"><\/a><\/p>\n<p><span id=\"08\" style=\"color: grey; font-size: 23px;\">32<\/span><span style=\"color: black; font-family: 'Lucida Grande',Arial,Helvetica,sans-serif; font-size: 24px; letter-spacing: -1.8px;\"><strong>OFI-Balkenschal2<\/strong><\/span><span style=\"color: grey; font-size: 13;\"> 2008<\/span><br \/>\n<img loading=\"lazy\" decoding=\"async\" class=\"size-full wp-image-256 alignnone\" title=\"ofi_balkenschal2\" src=\"https:\/\/www.area97.de\/ofi\/wp-content\/uploads\/2009\/11\/ofi_balkenschal2.gif\" alt=\"\" width=\"600\" height=\"88\" srcset=\"https:\/\/www.area97.de\/ofi\/wp-content\/uploads\/2009\/11\/ofi_balkenschal2.gif 600w, https:\/\/www.area97.de\/ofi\/wp-content\/uploads\/2009\/11\/ofi_balkenschal2-300x44.gif 300w\" sizes=\"auto, (max-width: 600px) 100vw, 600px\" \/><br \/>\nNach dem durchschlagenden Erfolg des ersten Balkenschals der zweite Versuch.<\/p>\n<p><img decoding=\"async\" src=\"https:\/\/www.area97.de\/ofi\/wp-content\/themes\/arras-theme\/images\/dottedline01.gif\" alt=\"\"><a title=\"Zum Seitenanfang\" href=\"#content\"> oben <\/a><a href=\"#content\"><img decoding=\"async\" title=\"Zum Seitenanfang\" src=\"https:\/\/www.area97.de\/ofi\/wp-content\/themes\/arras-theme\/images\/topbullet01.gif\" alt=\"\"><\/a><\/p>\n<p><span id=\"08\" style=\"color: grey; font-size: 23px;\">33<\/span><span style=\"color: black; font-family: 'Lucida Grande',Arial,Helvetica,sans-serif; font-size: 24px; letter-spacing: -1.8px;\"><strong>Blue Maniacs 3<\/strong><\/span><span style=\"color: grey; font-size: 13;\"> 2008<\/span><br \/>\n<img loading=\"lazy\" decoding=\"async\" class=\"alignnone size-full wp-image-1723\" title=\"Maniacs3\" src=\"https:\/\/www.area97.de\/ofi\/wp-content\/uploads\/2009\/11\/Maniacs3.gif\" alt=\"Maniacs3\" width=\"598\" height=\"61\" srcset=\"https:\/\/www.area97.de\/ofi\/wp-content\/uploads\/2009\/11\/Maniacs3.gif 598w, https:\/\/www.area97.de\/ofi\/wp-content\/uploads\/2009\/11\/Maniacs3-300x30.gif 300w\" sizes=\"auto, (max-width: 598px) 100vw, 598px\" \/><br \/>\nNoch ein Jaquard-Schal des Fanclubs, zum 111-j\u00e4hrigen Jubil\u00e4um des VfB.<\/p>\n<p><img decoding=\"async\" src=\"https:\/\/www.area97.de\/ofi\/wp-content\/themes\/arras-theme\/images\/dottedline01.gif\" alt=\"\"><a title=\"Zum Seitenanfang\" href=\"#content\"> oben <\/a><a href=\"#content\"><img decoding=\"async\" title=\"Zum Seitenanfang\" src=\"https:\/\/www.area97.de\/ofi\/wp-content\/themes\/arras-theme\/images\/topbullet01.gif\" alt=\"\"><\/a><\/p>\n<p><span style=\"color: grey; font-size: 23px;\">34<\/span><span style=\"color: black; font-family: 'Lucida Grande',Arial,Helvetica,sans-serif; font-size: 24px; letter-spacing: -1.8px;\"><strong>Heimsieg<\/strong><\/span><span style=\"color: grey; font-size: 13;\"> 2008<\/span><br \/>\n<img loading=\"lazy\" decoding=\"async\" class=\"alignnone size-full wp-image-1169\" title=\"SchalohneBild\" src=\"https:\/\/www.area97.de\/ofi\/wp-content\/uploads\/2009\/11\/SchalohneBild.gif\" alt=\"SchalohneBild\" width=\"543\" height=\"81\" srcset=\"https:\/\/www.area97.de\/ofi\/wp-content\/uploads\/2009\/11\/SchalohneBild.gif 543w, https:\/\/www.area97.de\/ofi\/wp-content\/uploads\/2009\/11\/SchalohneBild-300x44.gif 300w\" sizes=\"auto, (max-width: 543px) 100vw, 543px\" \/><br \/>\nToll, auch wir k\u00f6nnen einfach kopieren. Von externem H\u00e4ndler.<\/p>\n<p><img decoding=\"async\" src=\"https:\/\/www.area97.de\/ofi\/wp-content\/themes\/arras-theme\/images\/dottedline01.gif\" alt=\"\"><a title=\"Zum Seitenanfang\" href=\"#content\"> oben <\/a><a href=\"#content\"><img decoding=\"async\" title=\"Zum Seitenanfang\" src=\"https:\/\/www.area97.de\/ofi\/wp-content\/themes\/arras-theme\/images\/topbullet01.gif\" alt=\"\"><\/a><\/p>\n<p><span style=\"color: grey; font-size: 23px;\">35<\/span><span style=\"color: black; font-family: 'Lucida Grande',Arial,Helvetica,sans-serif; font-size: 24px; letter-spacing: -1.8px;\"><strong>Bulldogge<\/strong><\/span><span style=\"color: grey; font-size: 13;\"> 2008<\/span><br \/>\n<img loading=\"lazy\" decoding=\"async\" class=\"size-full wp-image-1387 alignnone\" title=\"bulldogge\" src=\"https:\/\/www.area97.de\/ofi\/wp-content\/uploads\/2009\/11\/bulldogge.gif\" alt=\"bulldogge\" width=\"600\" height=\"162\" srcset=\"https:\/\/www.area97.de\/ofi\/wp-content\/uploads\/2009\/11\/bulldogge.gif 600w, https:\/\/www.area97.de\/ofi\/wp-content\/uploads\/2009\/11\/bulldogge-300x81.gif 300w\" sizes=\"auto, (max-width: 600px) 100vw, 600px\" \/><br \/>\nDie Bulldogge bescheuert bis peinlich wie in den 80ern. Von externem H\u00e4ndler.<\/p>\n<p><img decoding=\"async\" src=\"https:\/\/www.area97.de\/ofi\/wp-content\/themes\/arras-theme\/images\/dottedline01.gif\" alt=\"\"><a title=\"Zum Seitenanfang\" href=\"#content\"> oben <\/a><a href=\"#content\"><img decoding=\"async\" title=\"Zum Seitenanfang\" src=\"https:\/\/www.area97.de\/ofi\/wp-content\/themes\/arras-theme\/images\/topbullet01.gif\" alt=\"\"><\/a><\/p>\n<p><span id=\"09\" style=\"color: grey; font-size: 23px;\">36<\/span><span style=\"color: black; font-family: 'Lucida Grande',Arial,Helvetica,sans-serif; font-size: 24px; letter-spacing: -1.8px;\"><strong>Balkenschal &#8218;Wei\u00df&#8216;<\/strong><\/span><span style=\"color: grey; font-size: 13;\"> 2009<\/span><br \/>\n<img loading=\"lazy\" decoding=\"async\" class=\"size-full wp-image-256 alignnone\" src=\"https:\/\/www.area97.de\/ofi\/wp-content\/uploads\/2009\/11\/balkenschal_weiss.gif\" alt=\"ofi_balkenschal2\" width=\"600\" height=\"84\"><br \/>\nNoch eine Balkenschal-Variante, diesmal von Vereinsseite.<br \/>\n<img decoding=\"async\" src=\"https:\/\/www.area97.de\/ofi\/wp-content\/themes\/arras-theme\/images\/dottedline01.gif\" alt=\"\"><a title=\"Zum Seitenanfang\" href=\"#content\"> oben <\/a><a href=\"#content\"><img decoding=\"async\" title=\"Zum Seitenanfang\" src=\"https:\/\/www.area97.de\/ofi\/wp-content\/themes\/arras-theme\/images\/topbullet01.gif\" alt=\"\"><\/a><\/p>\n<p><span style=\"color: grey; font-size: 23px;\">37<\/span><span style=\"color: black; font-family: 'Lucida Grande',Arial,Helvetica,sans-serif; font-size: 24px; letter-spacing: -1.8px;\"><strong>Die Wahrheit liegt auf dem Platz<\/strong><\/span><span style=\"color: grey; font-size: 13;\"> 2009<\/span><br \/>\n<img loading=\"lazy\" decoding=\"async\" class=\"alignnone size-full wp-image-1169\" title=\"SchalohneBild\" src=\"https:\/\/www.area97.de\/ofi\/wp-content\/uploads\/2009\/11\/SchalohneBild.gif\" alt=\"SchalohneBild\" width=\"543\" height=\"81\" srcset=\"https:\/\/www.area97.de\/ofi\/wp-content\/uploads\/2009\/11\/SchalohneBild.gif 543w, https:\/\/www.area97.de\/ofi\/wp-content\/uploads\/2009\/11\/SchalohneBild-300x44.gif 300w\" sizes=\"auto, (max-width: 543px) 100vw, 543px\" \/><br \/>\nJaquardschal zum aktuellen Motto\/Slogan.<\/p>\n<p><img decoding=\"async\" src=\"https:\/\/www.area97.de\/ofi\/wp-content\/themes\/arras-theme\/images\/dottedline01.gif\" alt=\"\"><a title=\"Zum Seitenanfang\" href=\"#content\"> oben <\/a><a href=\"#content\"><img decoding=\"async\" title=\"Zum Seitenanfang\" src=\"https:\/\/www.area97.de\/ofi\/wp-content\/themes\/arras-theme\/images\/topbullet01.gif\" alt=\"\"><\/a><\/p>\n<p><span style=\"color: grey; font-size: 23px;\">38<\/span><span style=\"color: black; font-family: 'Lucida Grande',Arial,Helvetica,sans-serif; font-size: 24px; letter-spacing: -1.8px;\"><strong>Flammen<\/strong><\/span><span style=\"color: grey; font-size: 13;\"> 2009<\/span><br \/>\n<img loading=\"lazy\" decoding=\"async\" class=\"alignnone size-full wp-image-1169\" title=\"SchalohneBild\" src=\"https:\/\/www.area97.de\/ofi\/wp-content\/uploads\/2009\/11\/SchalohneBild.gif\" alt=\"SchalohneBild\" width=\"543\" height=\"81\" srcset=\"https:\/\/www.area97.de\/ofi\/wp-content\/uploads\/2009\/11\/SchalohneBild.gif 543w, https:\/\/www.area97.de\/ofi\/wp-content\/uploads\/2009\/11\/SchalohneBild-300x44.gif 300w\" sizes=\"auto, (max-width: 543px) 100vw, 543px\" \/><br \/>\nJaquardschal von Vereinsseite.<\/p>\n<p><img decoding=\"async\" src=\"https:\/\/www.area97.de\/ofi\/wp-content\/themes\/arras-theme\/images\/dottedline01.gif\" alt=\"\"><a title=\"Zum Seitenanfang\" href=\"#content\"> oben <\/a><a href=\"#content\"><img decoding=\"async\" title=\"Zum Seitenanfang\" src=\"https:\/\/www.area97.de\/ofi\/wp-content\/themes\/arras-theme\/images\/topbullet01.gif\" alt=\"\"><\/a><\/p>\n<p><span style=\"color: grey; font-size: 23px;\">39<\/span><span style=\"color: black; font-family: 'Lucida Grande',Arial,Helvetica,sans-serif; font-size: 24px; letter-spacing: -1.8px;\"><strong>Balkenschal L\u00e4ngsstreifen<\/strong><\/span><span style=\"color: grey; font-size: 13;\"> 2009<\/span><br \/>\n<img loading=\"lazy\" decoding=\"async\" class=\"alignnone size-full wp-image-1169\" title=\"SchalohneBild\" src=\"https:\/\/www.area97.de\/ofi\/wp-content\/uploads\/2009\/11\/SchalohneBild.gif\" alt=\"SchalohneBild\" width=\"543\" height=\"81\" srcset=\"https:\/\/www.area97.de\/ofi\/wp-content\/uploads\/2009\/11\/SchalohneBild.gif 543w, https:\/\/www.area97.de\/ofi\/wp-content\/uploads\/2009\/11\/SchalohneBild-300x44.gif 300w\" sizes=\"auto, (max-width: 543px) 100vw, 543px\" \/><br \/>\nMan mu\u00df nicht immer alle Varianten testen&#8230;<\/p>\n<p><img decoding=\"async\" src=\"https:\/\/www.area97.de\/ofi\/wp-content\/themes\/arras-theme\/images\/dottedline01.gif\" alt=\"\"><a title=\"Zum Seitenanfang\" href=\"#content\"> oben <\/a><a href=\"#content\"><img decoding=\"async\" title=\"Zum Seitenanfang\" src=\"https:\/\/www.area97.de\/ofi\/wp-content\/themes\/arras-theme\/images\/topbullet01.gif\" alt=\"\"><\/a><\/p>\n<p><span style=\"color: grey; font-size: 23px;\">40<\/span><span style=\"color: black; font-family: 'Lucida Grande',Arial,Helvetica,sans-serif; font-size: 24px; letter-spacing: -1.8px;\"><strong>FleeceSchal Schwarz<\/strong><\/span><span style=\"color: grey; font-size: 13;\"> 2009<\/span><br \/>\n<img loading=\"lazy\" decoding=\"async\" class=\"alignnone size-full wp-image-1169\" title=\"SchalohneBild\" src=\"https:\/\/www.area97.de\/ofi\/wp-content\/uploads\/2009\/11\/SchalohneBild.gif\" alt=\"SchalohneBild\" width=\"543\" height=\"81\" srcset=\"https:\/\/www.area97.de\/ofi\/wp-content\/uploads\/2009\/11\/SchalohneBild.gif 543w, https:\/\/www.area97.de\/ofi\/wp-content\/uploads\/2009\/11\/SchalohneBild-300x44.gif 300w\" sizes=\"auto, (max-width: 543px) 100vw, 543px\" \/><br \/>\nSchal &amp; gesticktes Emblem Ton in Ton als elegante &amp; unauff\u00e4llige Variante.<\/p>\n<p><img decoding=\"async\" src=\"https:\/\/www.area97.de\/ofi\/wp-content\/themes\/arras-theme\/images\/dottedline01.gif\" alt=\"\"><a title=\"Zum Seitenanfang\" href=\"#content\"> oben <\/a><a href=\"#content\"><img decoding=\"async\" title=\"Zum Seitenanfang\" src=\"https:\/\/www.area97.de\/ofi\/wp-content\/themes\/arras-theme\/images\/topbullet01.gif\" alt=\"\"><\/a><\/p>\n<p><span id=\"08\" style=\"color: grey; font-size: 23px;\">41<\/span><span style=\"color: black; font-family: 'Lucida Grande',Arial,Helvetica,sans-serif; font-size: 24px; letter-spacing: -1.8px;\"><strong>Blockfahne CD<\/strong><\/span><span style=\"color: grey; font-size: 13;\"> 2010<\/span><br \/>\n<img loading=\"lazy\" decoding=\"async\" class=\"alignnone size-full wp-image-1724\" title=\"eyes\" src=\"https:\/\/www.area97.de\/ofi\/wp-content\/uploads\/2009\/11\/eyes.gif\" alt=\"eyes\" width=\"555\" height=\"88\" srcset=\"https:\/\/www.area97.de\/ofi\/wp-content\/uploads\/2009\/11\/eyes.gif 555w, https:\/\/www.area97.de\/ofi\/wp-content\/uploads\/2009\/11\/eyes-300x47.gif 300w\" sizes=\"auto, (max-width: 555px) 100vw, 555px\" \/><br \/>\nWebschal vom Commando Donnerschwee, das Augenpaar ist der allgemeinen Blockfahne entliehen.<\/p>\n<p><img decoding=\"async\" src=\"https:\/\/www.area97.de\/ofi\/wp-content\/themes\/arras-theme\/images\/dottedline01.gif\" alt=\"\"><a title=\"Zum Seitenanfang\" href=\"#content\"> oben <\/a><a href=\"#content\"><img decoding=\"async\" title=\"Zum Seitenanfang\" src=\"https:\/\/www.area97.de\/ofi\/wp-content\/themes\/arras-theme\/images\/topbullet01.gif\" alt=\"\"><\/a><\/p>\n<p><span style=\"color: grey; font-size: 23px;\">42<\/span><span style=\"color: black; font-family: 'Lucida Grande',Arial,Helvetica,sans-serif; font-size: 24px; letter-spacing: -1.8px;\"><strong>DFB-Pokal 2011<\/strong><\/span><span style=\"color: grey; font-size: 13;\"> 2011<\/span><br \/>\n<img loading=\"lazy\" decoding=\"async\" class=\"alignnone size-full wp-image-1169\" title=\"SchalohneBild\" src=\"https:\/\/www.area97.de\/ofi\/wp-content\/uploads\/2009\/11\/SchalohneBild.gif\" alt=\"SchalohneBild\" width=\"543\" height=\"81\" srcset=\"https:\/\/www.area97.de\/ofi\/wp-content\/uploads\/2009\/11\/SchalohneBild.gif 543w, https:\/\/www.area97.de\/ofi\/wp-content\/uploads\/2009\/11\/SchalohneBild-300x44.gif 300w\" sizes=\"auto, (max-width: 543px) 100vw, 543px\" \/><br \/>\nZum HSV-Spiel. Kategorie &#8222;Reines Erinnerungsst\u00fcck&#8220;, sonst eigentlich nur Kommerz.<\/p>\n<p><img decoding=\"async\" src=\"https:\/\/www.area97.de\/ofi\/wp-content\/themes\/arras-theme\/images\/dottedline01.gif\" alt=\"\"><a title=\"Zum Seitenanfang\" href=\"#content\"> oben <\/a><a href=\"#content\"><img decoding=\"async\" title=\"Zum Seitenanfang\" src=\"https:\/\/www.area97.de\/ofi\/wp-content\/themes\/arras-theme\/images\/topbullet01.gif\" alt=\"\"><\/a><\/p>\n<p><span style=\"color: grey; font-size: 23px;\">43<\/span><span style=\"color: black; font-family: 'Lucida Grande',Arial,Helvetica,sans-serif; font-size: 24px; letter-spacing: -1.8px;\"><strong>OFI-Schal GuinnessStyle<\/strong><\/span><span style=\"color: grey; font-size: 13;\"> 2012<\/span><br \/>\n<img loading=\"lazy\" decoding=\"async\" class=\"alignnone size-full wp-image-3126\" title=\"ofi_guinness\" src=\"https:\/\/www.area97.de\/ofi\/wp-content\/uploads\/2009\/11\/ofi_guinness.gif\" alt=\"ofi_guinness\" width=\"596\" height=\"70\" srcset=\"https:\/\/www.area97.de\/ofi\/wp-content\/uploads\/2009\/11\/ofi_guinness.gif 596w, https:\/\/www.area97.de\/ofi\/wp-content\/uploads\/2009\/11\/ofi_guinness-300x35.gif 300w\" sizes=\"auto, (max-width: 596px) 100vw, 596px\" \/><br \/>\nAltbew\u00e4hrtes, zeitloses Motiv, nun mit Tartan hinterlegt, End-Logos gestickt.<\/p>\n<p><img decoding=\"async\" src=\"https:\/\/www.area97.de\/ofi\/wp-content\/themes\/arras-theme\/images\/dottedline01.gif\" alt=\"\"><a title=\"Zum Seitenanfang\" href=\"#content\"> oben <\/a><\/p>\n<h3><strong><span style=\"color: #999999;\">44<\/span>Flames Blue-White<\/strong><span style=\"color: #999999;\"> 20XX<\/span><br \/>\n<a href=\"https:\/\/www.area97.de\/ofi\/wp-content\/uploads\/2026\/03\/Flames_BW.gif\"><img loading=\"lazy\" decoding=\"async\" class=\"alignnone size-full wp-image-4731\" src=\"https:\/\/www.area97.de\/ofi\/wp-content\/uploads\/2026\/03\/Flames_BW.gif\" alt=\"\" width=\"560\" height=\"101\"><\/a><\/h3>\n<h5>Offizielles Merch, inspirationslos. Flammen wild wie Taubenfedern.<\/h5>\n<p><img decoding=\"async\" src=\"https:\/\/www.area97.de\/ofi\/wp-content\/themes\/arras-theme\/images\/dottedline01.gif\" alt=\"\"><a title=\"Zum Seitenanfang\" href=\"#content\"> oben <\/a><a href=\"#content\"><img decoding=\"async\" title=\"Zum Seitenanfang\" src=\"https:\/\/www.area97.de\/ofi\/wp-content\/themes\/arras-theme\/images\/topbullet01.gif\" alt=\"\"><\/a><\/p>\n<p><a href=\"#content\"><img decoding=\"async\" title=\"Zum Seitenanfang\" src=\"https:\/\/www.area97.de\/ofi\/wp-content\/themes\/arras-theme\/images\/topbullet01.gif\" alt=\"\"><\/a><\/p>\n<p style=\"text-align: left;\"><span style=\"color: grey; font-size: 23px;\">Anti1<\/span><span style=\"color: black; font-family: 'Lucida Grande',Arial,Helvetica,sans-serif; font-size: 24px; letter-spacing: -1.8px;\"><strong>Scheiss Oldenburg 1<\/strong><\/span><span style=\"color: grey; font-size: 13;\"> ?<\/span><\/p>\n<p><img loading=\"lazy\" decoding=\"async\" class=\"alignnone size-full wp-image-1142\" title=\"Anti1\" src=\"https:\/\/www.area97.de\/ofi\/wp-content\/uploads\/2009\/11\/Anti1.gif\" alt=\"Anti1\" width=\"571\" height=\"79\" srcset=\"https:\/\/www.area97.de\/ofi\/wp-content\/uploads\/2009\/11\/Anti1.gif 571w, https:\/\/www.area97.de\/ofi\/wp-content\/uploads\/2009\/11\/Anti1-300x41.gif 300w\" sizes=\"auto, (max-width: 571px) 100vw, 571px\" \/><br \/>\nAus dem emsl\u00e4ndischen Raum, k\u00f6stliche Spr\u00fcche (&#8218;andere&#8216; R\u00fcckseite folgt)<\/p>\n<p><img decoding=\"async\" src=\"https:\/\/www.area97.de\/ofi\/wp-content\/themes\/arras-theme\/images\/dottedline01.gif\" alt=\"\"><a title=\"Zum Seitenanfang\" href=\"#content\"> oben <\/a><a href=\"#content\"><img decoding=\"async\" title=\"Zum Seitenanfang\" src=\"https:\/\/www.area97.de\/ofi\/wp-content\/themes\/arras-theme\/images\/topbullet01.gif\" alt=\"\"><\/a><\/p>\n<p><span style=\"color: grey; font-size: 23px;\">Anti2<\/span><span style=\"color: black; font-family: 'Lucida Grande',Arial,Helvetica,sans-serif; font-size: 24px; letter-spacing: -1.8px;\"><strong>Scheiss Oldenburg 2<\/strong><\/span><span style=\"color: grey; font-size: 13;\"> ?<\/span><br \/>\n<img loading=\"lazy\" decoding=\"async\" class=\"alignnone size-full wp-image-1143\" title=\"Anti2\" src=\"https:\/\/www.area97.de\/ofi\/wp-content\/uploads\/2009\/11\/Anti2.gif\" alt=\"Anti2\" width=\"528\" height=\"97\" srcset=\"https:\/\/www.area97.de\/ofi\/wp-content\/uploads\/2009\/11\/Anti2.gif 528w, https:\/\/www.area97.de\/ofi\/wp-content\/uploads\/2009\/11\/Anti2-300x55.gif 300w\" sizes=\"auto, (max-width: 528px) 100vw, 528px\" \/><br \/>\nAus dem ostfriesischen Raum, &#8222;Ein Heim f\u00fcr Irre&#8220; &#8211; Jawoll!<\/p>\n<p><img decoding=\"async\" src=\"https:\/\/www.area97.de\/ofi\/wp-content\/themes\/arras-theme\/images\/dottedline01.gif\" alt=\"\"><a title=\"Zum Seitenanfang\" href=\"#content\"> oben <\/a><a href=\"#content\"><img decoding=\"async\" title=\"Zum Seitenanfang\" src=\"https:\/\/www.area97.de\/ofi\/wp-content\/themes\/arras-theme\/images\/topbullet01.gif\" alt=\"\"><\/a><\/p>\n","protected":false},"excerpt":{"rendered":"<p>Jahrgang 1988 | 1989 | 1990 | 1991 | 1992 | 1993 | 1994 | 1995 | 1996 | 1997 | 1998 | 1999 | &hellip; <\/p>\n","protected":false},"author":1,"featured_media":0,"parent":106,"menu_order":1,"comment_status":"open","ping_status":"open","template":"","meta":{"ngg_post_thumbnail":0,"cybocfi_hide_featured_image":"","footnotes":""},"class_list":["post-127","page","type-page","status-publish","hentry"],"_links":{"self":[{"href":"https:\/\/www.area97.de\/ofi\/index.php?rest_route=\/wp\/v2\/pages\/127","targetHints":{"allow":["GET"]}}],"collection":[{"href":"https:\/\/www.area97.de\/ofi\/index.php?rest_route=\/wp\/v2\/pages"}],"about":[{"href":"https:\/\/www.area97.de\/ofi\/index.php?rest_route=\/wp\/v2\/types\/page"}],"author":[{"embeddable":true,"href":"https:\/\/www.area97.de\/ofi\/index.php?rest_route=\/wp\/v2\/users\/1"}],"replies":[{"embeddable":true,"href":"https:\/\/www.area97.de\/ofi\/index.php?rest_route=%2Fwp%2Fv2%2Fcomments&post=127"}],"version-history":[{"count":99,"href":"https:\/\/www.area97.de\/ofi\/index.php?rest_route=\/wp\/v2\/pages\/127\/revisions"}],"predecessor-version":[{"id":4736,"href":"https:\/\/www.area97.de\/ofi\/index.php?rest_route=\/wp\/v2\/pages\/127\/revisions\/4736"}],"up":[{"embeddable":true,"href":"https:\/\/www.area97.de\/ofi\/index.php?rest_route=\/wp\/v2\/pages\/106"}],"wp:attachment":[{"href":"https:\/\/www.area97.de\/ofi\/index.php?rest_route=%2Fwp%2Fv2%2Fmedia&parent=127"}],"curies":[{"name":"wp","href":"https:\/\/api.w.org\/{rel}","templated":true}]}}