{"id":373,"date":"2009-11-26T22:07:31","date_gmt":"2009-11-26T20:07:31","guid":{"rendered":"http:\/\/www.area97.de\/ofi\/?page_id=373"},"modified":"2012-01-26T20:51:37","modified_gmt":"2012-01-26T18:51:37","slug":"gruppentermine","status":"publish","type":"page","link":"https:\/\/www.area97.de\/ofi\/?page_id=373","title":{"rendered":"gruppen&#038;termine"},"content":{"rendered":"<p>An dieser Stelle m\u00f6chten wir euch die verschiedenen NutzerInnen-Gruppen, die jeweiligen Kontakte und regelm\u00e4\u00dfige oder l\u00e4ngerfristige Termine auflisten.<\/p>\n<p><img decoding=\"async\" style=\"padding-bottom:10px\" src=\"https:\/\/www.area97.de\/ofi\/wp-content\/themes\/arras-theme\/images\/dottedline02.gif\" alt=\"\" \/><br \/>\n<a title=\"Zur FARE Oldenburg Website\" href=\"http:\/\/www.vfbfueralle.de\/\" target=\"_blank\"><img loading=\"lazy\" decoding=\"async\" class=\"alignright size-full wp-image-403\" title=\"VfB f\u00fcr Alle\" src=\"https:\/\/www.area97.de\/ofi\/wp-content\/uploads\/2009\/11\/Logo_VfBfuerAlle.png\" alt=\"Zur 'VfB f\u00fcr Alle' Website\" width=\"146\" height=\"120\" \/><\/a><strong><img loading=\"lazy\" decoding=\"async\" class=\"alignleft size-full wp-image-655\" title=\"arrow_40_right\" src=\"https:\/\/www.area97.de\/ofi\/wp-content\/uploads\/2009\/11\/arrow_40_right.png\" alt=\"arrow_40_right\" width=\"40\" height=\"40\" \/>VfB f\u00fcr Alle<\/strong><br \/>\nEmail <a title=\"Email an 'VfB f\u00fcr Alle'\" href=\"mailto:info@vfbfueralle.de\">info@vfbfueralle.de<\/a> <span style=\"color: #999999;\">|<\/span> Website <a title=\"Zur 'VfB f\u00fcr Alle' Website\" href=\"http:\/\/www.vfbfueralle.de\/\" target=\"_blank\">www.vfbfueralle.de<br \/>\n<\/a> <em><br \/>\n<\/em><strong>Treffen<\/strong> dienstags vierzehnt\u00e4gig<br \/>\n<img decoding=\"async\" style=\"padding-bottom:10px\" src=\"https:\/\/www.area97.de\/ofi\/wp-content\/themes\/arras-theme\/images\/dottedline02.gif\" alt=\"\" \/><br \/>\n<img loading=\"lazy\" decoding=\"async\" class=\"alignright size-full wp-image-403\" title=\"Vanguard Oldenburg\" src=\"https:\/\/www.area97.de\/ofi\/wp-content\/uploads\/2009\/11\/Logo_Vanguards.png\" alt=\"Zur FARE Oldenburg Website\" width=\"128\" height=\"128\" \/><strong><img loading=\"lazy\" decoding=\"async\" class=\"alignleft size-full wp-image-655\" title=\"arrow_40_right\" src=\"https:\/\/www.area97.de\/ofi\/wp-content\/uploads\/2009\/11\/arrow_40_right.png\" alt=\"arrow_40_right\" width=\"40\" height=\"40\" \/>Fanclub Vanguards<\/strong><br \/>\nEmail <a title=\"Email an Vanguards\" href=\"mailto:vanguard-oldenburg@gmx.de\">vanguard-oldenburg@gmx.de<\/a> <span style=\"color: #999999;\">|<\/span> Website <a title=\"Zur Vanguard Website\" href=\"http:\/\/vanguardoldenburg.wordpress.com\/\" target=\"_blank\">vanguardoldenburg.wordpress.com<br \/>\n<\/a> <em><br \/>\n<\/em><strong>Treffen<\/strong> jeden ersten Donnerstag im Monat, davon unregelm\u00e4\u00dfig im FanProjekt<br \/>\n<img decoding=\"async\" style=\"padding-bottom:10px\" src=\"https:\/\/www.area97.de\/ofi\/wp-content\/themes\/arras-theme\/images\/dottedline02.gif\" alt=\"\" \/><br \/>\n<a title=\"Zur FARE Oldenburg Website\" href=\"http:\/\/www.fare-ol.de\/\" target=\"_blank\"><img loading=\"lazy\" decoding=\"async\" class=\"alignright size-full wp-image-403\" title=\"FARE Oldenburg\" src=\"https:\/\/www.area97.de\/ofi\/wp-content\/uploads\/2009\/11\/FAREol.jpg\" alt=\"Zur FARE Oldenburg Website\" width=\"150\" height=\"75\" \/><\/a><strong><img loading=\"lazy\" decoding=\"async\" class=\"alignleft size-full wp-image-655\" title=\"arrow_40_right\" src=\"https:\/\/www.area97.de\/ofi\/wp-content\/uploads\/2009\/11\/arrow_40_right.png\" alt=\"arrow_40_right\" width=\"40\" height=\"40\" \/>FARE Arbeitskreis Oldenburg<\/strong> (jetzt &#8218;VfB f\u00fcr alle&#8216;)<br \/>\nEmail <a title=\"Email an FARE Oldenburg\" href=\"mailto:fare@area9.de\">fare@area97.de<\/a> <span style=\"color: #999999;\">|<\/span> Website <a title=\"Zur FARE Oldenburg Website\" href=\"http:\/\/www.fare-ol.de\/\" target=\"_blank\">www.fare-ol.de<br \/>\n<\/a> <em><br \/>\n<\/em><strong>FARE-Actionweek 2010<\/strong>, vom 14.-26.Oktober 2010<br \/>\n<img decoding=\"async\" style=\"padding-bottom:10px\" src=\"https:\/\/www.area97.de\/ofi\/wp-content\/themes\/arras-theme\/images\/dottedline02.gif\" alt=\"\" \/><br \/>\n<strong><img loading=\"lazy\" decoding=\"async\" class=\"alignleft size-full wp-image-655\" src=\"https:\/\/www.area97.de\/ofi\/wp-content\/uploads\/2009\/11\/arrow_40_right.png\" alt=\"arrow_40_right\" width=\"40\" height=\"40\" \/><img loading=\"lazy\" decoding=\"async\" class=\"alignright size-full wp-image-670\" src=\"https:\/\/www.area97.de\/ofi\/wp-content\/uploads\/2009\/11\/logo_gourmet97.gif\" alt=\"\" width=\"200\" height=\"80\" \/>Gourmet97<\/strong> (derzeit inaktiv)<br \/>\nEmail\u00a0 <a title=\"Email an Gourmet97\" href=\"mailto:gourmet97@web.de\">gourmet97@web.de<\/a><\/p>\n<p>Termine: 13.Oktober 2010, Catering FARE-Filmabend im FanProjekt Oldenburg<\/p>\n<p>UNS KANN MAN AUCH BUCHEN (z.B. f\u00fcr Konzerte und Partys!)<\/p>\n<p><img decoding=\"async\" style=\"padding-bottom:10px\" src=\"https:\/\/www.area97.de\/ofi\/wp-content\/themes\/arras-theme\/images\/dottedline02.gif\" alt=\"\" \/><br \/>\n<strong><img loading=\"lazy\" decoding=\"async\" class=\"alignleft size-full wp-image-655\" title=\"arrow_40_right\" src=\"https:\/\/www.area97.de\/ofi\/wp-content\/uploads\/2009\/11\/arrow_40_right.png\" alt=\"arrow_40_right\" width=\"40\" height=\"40\" \/><a title=\"Zur Stadion-Seite\" href=\"http:\/\/www.area97.de\/stadion\/\" target=\"_blank\"><img loading=\"lazy\" decoding=\"async\" class=\"alignright size-full wp-image-668\" title=\"hoelle-des-nordens.de\" src=\"https:\/\/www.area97.de\/ofi\/wp-content\/uploads\/2009\/11\/logo_hoelledesnordens.gif\" alt=\"Zur Stadion-Seite\" width=\"150\" height=\"67\" \/><\/a>Stadiongruppe &#8218;H\u00f6lle2.0&#8216;<\/strong> (derzeit inaktiv)<br \/>\nEmail <a title=\"Email an die Stadiongruppe\" href=\"mailto:stadion@area97.de\">stadion@area97.de<\/a> <span style=\"color: #999999;\">|<\/span> Website <a title=\"Zur Stadion-Seite\" href=\"http:\/\/www.area97.de\/stadion\/\" target=\"_blank\">www.hoelle-des-nordens.de<\/a><br \/>\n<em><br \/>\nDerzeit keine best\u00e4tigten Termine.<\/em><\/p>\n<p><img decoding=\"async\" style=\"padding-bottom:10px\" src=\"https:\/\/www.area97.de\/ofi\/wp-content\/themes\/arras-theme\/images\/dottedline02.gif\" alt=\"\" \/><br \/>\n<strong><img loading=\"lazy\" decoding=\"async\" class=\"alignleft size-full wp-image-655\" title=\"arrow_40_right\" src=\"https:\/\/www.area97.de\/ofi\/wp-content\/uploads\/2009\/11\/arrow_40_right.png\" alt=\"arrow_40_right\" width=\"40\" height=\"40\" \/>Fanzine &#8218;Stadtmandat&#8216;<\/strong><img loading=\"lazy\" decoding=\"async\" class=\"alignright size-full wp-image-1934\" src=\"https:\/\/www.area97.de\/ofi\/wp-content\/uploads\/2009\/11\/logo_stadtmandat.gif\" alt=\"logo_stadtmandat\" width=\"199\" height=\"77\" \/><br \/>\nEmail <a title=\"Email ans Stadtmandat\" href=\"mailto:stadtmandat-ol@web.de\">stadtmandat-ol@web.de<\/a> <span style=\"color: #999999;\">|<\/span> Website &#8230;<br \/>\n<em><br \/>\nDerzeit keine best\u00e4tigten Termine.<\/em><br \/>\n<img decoding=\"async\" style=\"padding-bottom:10px\" src=\"https:\/\/www.area97.de\/ofi\/wp-content\/themes\/arras-theme\/images\/dottedline02.gif\" alt=\"\" \/><\/p>\n<p>Die Kontakte zu den festen Gruppen innerhalb der OFI findest du \u00fcbrigens <a title=\"Zu den OFI-Kontakten\" href=\"https:\/\/www.area97.de\/ofi\/?page_id=130\" target=\"_self\">hier<\/a>.<\/p>\n","protected":false},"excerpt":{"rendered":"<p>An dieser Stelle m\u00f6chten wir euch die verschiedenen NutzerInnen-Gruppen, die jeweiligen Kontakte und regelm\u00e4\u00dfige oder l\u00e4ngerfristige Termine auflisten. VfB f\u00fcr Alle Email info@vfbfueralle.de | Website &hellip; <\/p>\n","protected":false},"author":1,"featured_media":0,"parent":115,"menu_order":2,"comment_status":"closed","ping_status":"open","template":"","meta":{"ngg_post_thumbnail":0,"cybocfi_hide_featured_image":"","footnotes":""},"class_list":["post-373","page","type-page","status-publish","hentry"],"_links":{"self":[{"href":"https:\/\/www.area97.de\/ofi\/index.php?rest_route=\/wp\/v2\/pages\/373","targetHints":{"allow":["GET"]}}],"collection":[{"href":"https:\/\/www.area97.de\/ofi\/index.php?rest_route=\/wp\/v2\/pages"}],"about":[{"href":"https:\/\/www.area97.de\/ofi\/index.php?rest_route=\/wp\/v2\/types\/page"}],"author":[{"embeddable":true,"href":"https:\/\/www.area97.de\/ofi\/index.php?rest_route=\/wp\/v2\/users\/1"}],"replies":[{"embeddable":true,"href":"https:\/\/www.area97.de\/ofi\/index.php?rest_route=%2Fwp%2Fv2%2Fcomments&post=373"}],"version-history":[{"count":51,"href":"https:\/\/www.area97.de\/ofi\/index.php?rest_route=\/wp\/v2\/pages\/373\/revisions"}],"predecessor-version":[{"id":401,"href":"https:\/\/www.area97.de\/ofi\/index.php?rest_route=\/wp\/v2\/pages\/373\/revisions\/401"}],"up":[{"embeddable":true,"href":"https:\/\/www.area97.de\/ofi\/index.php?rest_route=\/wp\/v2\/pages\/115"}],"wp:attachment":[{"href":"https:\/\/www.area97.de\/ofi\/index.php?rest_route=%2Fwp%2Fv2%2Fmedia&parent=373"}],"curies":[{"name":"wp","href":"https:\/\/api.w.org\/{rel}","templated":true}]}}